{"id":4682,"date":"2019-04-30T03:13:25","date_gmt":"2019-04-30T03:13:25","guid":{"rendered":"http:\/\/nordwind.info\/?page_id=4682"},"modified":"2025-03-19T03:36:18","modified_gmt":"2025-03-19T03:36:18","slug":"langendem-munitionsanstalt","status":"publish","type":"page","link":"https:\/\/nordwind.info\/?page_id=4682","title":{"rendered":"Langendamm, Agl Munitionsanstalt"},"content":{"rendered":"<ul>\n<li>Objektname: Lufthauptmunitionsanstalt 3\/XI Langendamm<\/li>\n<li>Ortslage\/LK: Langendamm, Gemarkung Westerbruch, LK Nienburg\/Weser, NI<\/li>\n<li>Nutzung: \u00a0 \u00a0 \u00a0 \u00a01936 \u2013 1945 Wehrmacht,\u00a0<a href=\"http:\/\/www.lexikon-der-wehrmacht.de\/Gliederungen\/Luftgaue\/Luftgau11.htm\" target=\"_blank\" rel=\"noopener noreferrer\">Luftgau-Kommando XI<\/a>,\n<ul>\n<li>\u00a0 \u00a0 \u00a0 \u00a0 \u00a0 \u00a0 \u00a0 \u00a0 \u00a0 \u00a01945 \u2013 1947 Britische Armee<\/li>\n<li>\u00a0 \u00a0 \u00a0 \u00a0 \u00a0 \u00a0 \u00a0 \u00a0 \u00a0 \u00a01947 \u2013 1550 \u00dcbergangs- \/ Fl\u00fcchtlingslager<\/li>\n<li>\u00a0 \u00a0 \u00a0 \u00a0 \u00a0 \u00a0 \u00a0 \u00a0 \u00a0 \u00a01954 \u2013 heute Bundeswehr (als Teil des Standort\u00fcbungsplatzes)<\/li>\n<li>\u00a0 \u00a0 \u00a0 \u00a0 \u00a0 \u00a0 \u00a0 \u00a0 \u00a0 \u00a01960 \u2013 heute Privateigentum (Bereich F\u00fchrser M\u00fchlweg), 1960<\/li>\n<\/ul>\n<\/li>\n<li>Ausr\u00fcstung: \u00a0ca. 50 Geb\u00e4ude, Baracken und Bunker f\u00fcr die Munitionsfertigung\n<ul>\n<li>\u00a0 \u00a0 \u00a0 \u00a0 \u00a0 \u00a0 \u00a0 \u00a0 \u00a0 \u00a01 Wohnheim f\u00fcr Angestellte<\/li>\n<li>\u00a0 \u00a0 \u00a0 \u00a0 \u00a0 \u00a0 \u00a0 \u00a0 \u00a0 \u00a02 Barackenlager f\u00fcr Fremd- und Zwangsarbeiter<\/li>\n<li>\u00a0 \u00a0 \u00a0 \u00a0 \u00a0 \u00a0 \u00a0 \u00a0 \u00a0 \u00a0Gleisanschluss vom Bahnhof Nienburg (Weser)<\/li>\n<li>\u00a0 \u00a0 \u00a0 \u00a0 \u00a0 \u00a0 \u00a0 \u00a0 \u00a0 \u00a0Gleisanlagen innerhalb des Gel\u00e4ndes , ca. 3 km<\/li>\n<\/ul>\n<\/li>\n<li>Ist-Zustand: \u00a0Zahlreiche noch vorhandenen Geb\u00e4uder bzw. Geb\u00e4udereste\n<ul>\n<li>Viele der ehemaligen Fabrikationsgeb\u00e4ude sind f\u00fcr zivile Zwecke umgebaut worden. Zahlreiche Bunker und Geb\u00e4ude sind \u00e4u\u00dferlich nahezu unver\u00e4ndert und liegen auf dem Gel\u00e4nde des Standort\u00fcbungsplatzes der Bundeswehr.<\/li>\n<\/ul>\n<\/li>\n<li>Recherchen: \u00a02013 \u00a0 \u00a0Exkursion:\u00a027.03.2013<\/li>\n<li>Fundstellen: \u00a0Milit\u00e4rhistorische Sammlung, Clausewitz-Kaserne Langendamm\n<ul>\n<li style=\"list-style-type: none;\">\n<ul>\n<li style=\"list-style-type: none;\">\n<ul>\n<li style=\"list-style-type: none;\">\n<ul>\n<li><a href=\"http:\/\/www.relikte.com\/langendamm\/index.htm\" target=\"_blank\" rel=\"noopener noreferrer\">Relikte.com<\/a>, Clausewitz-Kaserne Langendamm<\/li>\n<\/ul>\n<\/li>\n<\/ul>\n<\/li>\n<\/ul>\n<\/li>\n<\/ul>\n<\/li>\n<\/ul>\n<p><strong>Lage<\/strong><\/p>\n<p><a href=\"http:\/\/nordwind.info\/wp-content\/uploads\/2019\/04\/Langendamm-TK-Auszug-2003.jpg\"><img loading=\"lazy\" decoding=\"async\" class=\"alignleft size-full wp-image-4683\" src=\"http:\/\/nordwind.info\/wp-content\/uploads\/2019\/04\/Langendamm-TK-Auszug-2003.jpg\" alt=\"\" width=\"1000\" height=\"915\" srcset=\"https:\/\/nordwind.info\/wp-content\/uploads\/2019\/04\/Langendamm-TK-Auszug-2003.jpg 1000w, https:\/\/nordwind.info\/wp-content\/uploads\/2019\/04\/Langendamm-TK-Auszug-2003-300x275.jpg 300w, https:\/\/nordwind.info\/wp-content\/uploads\/2019\/04\/Langendamm-TK-Auszug-2003-768x703.jpg 768w\" sizes=\"auto, (max-width: 1000px) 100vw, 1000px\" \/><\/a><\/p>\n<p>Lageplan TK 1:25.000 (2005)<\/p>\n<p><a href=\"http:\/\/nordwind.info\/wp-content\/uploads\/2019\/04\/Langendamm-TK-Auszug-1945.jpg\"><img loading=\"lazy\" decoding=\"async\" class=\"alignleft size-full wp-image-4684\" src=\"http:\/\/nordwind.info\/wp-content\/uploads\/2019\/04\/Langendamm-TK-Auszug-1945.jpg\" alt=\"\" width=\"3000\" height=\"2116\" srcset=\"https:\/\/nordwind.info\/wp-content\/uploads\/2019\/04\/Langendamm-TK-Auszug-1945.jpg 3000w, https:\/\/nordwind.info\/wp-content\/uploads\/2019\/04\/Langendamm-TK-Auszug-1945-300x212.jpg 300w, https:\/\/nordwind.info\/wp-content\/uploads\/2019\/04\/Langendamm-TK-Auszug-1945-768x542.jpg 768w, https:\/\/nordwind.info\/wp-content\/uploads\/2019\/04\/Langendamm-TK-Auszug-1945-1024x722.jpg 1024w\" sizes=\"auto, (max-width: 3000px) 100vw, 3000px\" \/><\/a><\/p>\n<p>Kartenaussschnitt TK 1:25.000 (1945\/46)<\/p>\n<p><a href=\"http:\/\/nordwind.info\/wp-content\/uploads\/2019\/04\/Langendamm-Muna-Gleisplan-1.jpg\"><img loading=\"lazy\" decoding=\"async\" class=\"alignleft size-full wp-image-4685\" src=\"http:\/\/nordwind.info\/wp-content\/uploads\/2019\/04\/Langendamm-Muna-Gleisplan-1.jpg\" alt=\"\" width=\"2000\" height=\"1772\" srcset=\"https:\/\/nordwind.info\/wp-content\/uploads\/2019\/04\/Langendamm-Muna-Gleisplan-1.jpg 2000w, https:\/\/nordwind.info\/wp-content\/uploads\/2019\/04\/Langendamm-Muna-Gleisplan-1-300x266.jpg 300w, https:\/\/nordwind.info\/wp-content\/uploads\/2019\/04\/Langendamm-Muna-Gleisplan-1-768x680.jpg 768w, https:\/\/nordwind.info\/wp-content\/uploads\/2019\/04\/Langendamm-Muna-Gleisplan-1-1024x907.jpg 1024w\" sizes=\"auto, (max-width: 2000px) 100vw, 2000px\" \/><\/a><\/p>\n<p>Lageplan Pulverfabrik Langendamm<\/p>\n<p><a href=\"http:\/\/nordwind.info\/wp-content\/uploads\/2019\/04\/01901-B\u00dc-Auf-dem-Kampe-Am-Exerzierplat-Gleise-Richtung-Nienburg.jpg\"><img loading=\"lazy\" decoding=\"async\" class=\"alignleft size-large wp-image-4694\" src=\"http:\/\/nordwind.info\/wp-content\/uploads\/2019\/04\/01901-B\u00dc-Auf-dem-Kampe-Am-Exerzierplat-Gleise-Richtung-Nienburg-1024x576.jpg\" alt=\"\" width=\"640\" height=\"360\" srcset=\"https:\/\/nordwind.info\/wp-content\/uploads\/2019\/04\/01901-B\u00dc-Auf-dem-Kampe-Am-Exerzierplat-Gleise-Richtung-Nienburg-1024x576.jpg 1024w, https:\/\/nordwind.info\/wp-content\/uploads\/2019\/04\/01901-B\u00dc-Auf-dem-Kampe-Am-Exerzierplat-Gleise-Richtung-Nienburg-300x169.jpg 300w, https:\/\/nordwind.info\/wp-content\/uploads\/2019\/04\/01901-B\u00dc-Auf-dem-Kampe-Am-Exerzierplat-Gleise-Richtung-Nienburg-768x432.jpg 768w, https:\/\/nordwind.info\/wp-content\/uploads\/2019\/04\/01901-B\u00dc-Auf-dem-Kampe-Am-Exerzierplat-Gleise-Richtung-Nienburg.jpg 1280w\" sizes=\"auto, (max-width: 640px) 100vw, 640px\" \/><\/a><\/p>\n<p><a href=\"http:\/\/nordwind.info\/wp-content\/uploads\/2019\/04\/01904-B\u00dc-Auf-dem-Kampe-Am-Exerzierplatz-Gleise-Richtung-Linsburg.jpg\"><img loading=\"lazy\" decoding=\"async\" class=\"alignleft size-large wp-image-4695\" src=\"http:\/\/nordwind.info\/wp-content\/uploads\/2019\/04\/01904-B\u00dc-Auf-dem-Kampe-Am-Exerzierplatz-Gleise-Richtung-Linsburg-1024x576.jpg\" alt=\"\" width=\"640\" height=\"360\" srcset=\"https:\/\/nordwind.info\/wp-content\/uploads\/2019\/04\/01904-B\u00dc-Auf-dem-Kampe-Am-Exerzierplatz-Gleise-Richtung-Linsburg-1024x576.jpg 1024w, https:\/\/nordwind.info\/wp-content\/uploads\/2019\/04\/01904-B\u00dc-Auf-dem-Kampe-Am-Exerzierplatz-Gleise-Richtung-Linsburg-300x169.jpg 300w, https:\/\/nordwind.info\/wp-content\/uploads\/2019\/04\/01904-B\u00dc-Auf-dem-Kampe-Am-Exerzierplatz-Gleise-Richtung-Linsburg-768x432.jpg 768w, https:\/\/nordwind.info\/wp-content\/uploads\/2019\/04\/01904-B\u00dc-Auf-dem-Kampe-Am-Exerzierplatz-Gleise-Richtung-Linsburg.jpg 1280w\" sizes=\"auto, (max-width: 640px) 100vw, 640px\" \/><\/a><\/p>\n<p>053,358 \/ 01,904 \u2013 B\u00fc Auf dem Bauernlande \/ Am Exerzierplatz mit ehem. Gleistrasse<\/p>\n<p><a href=\"http:\/\/nordwind.info\/wp-content\/uploads\/2019\/04\/1740_052425-B\u00dc-Zur-Stadtforst-Am-F\u00fchrser-Busch-Ri-Nienburg.jpg\"><img loading=\"lazy\" decoding=\"async\" class=\"alignleft size-large wp-image-4699\" src=\"http:\/\/nordwind.info\/wp-content\/uploads\/2019\/04\/1740_052425-B\u00dc-Zur-Stadtforst-Am-F\u00fchrser-Busch-Ri-Nienburg-1024x576.jpg\" alt=\"\" width=\"640\" height=\"360\" srcset=\"https:\/\/nordwind.info\/wp-content\/uploads\/2019\/04\/1740_052425-B\u00dc-Zur-Stadtforst-Am-F\u00fchrser-Busch-Ri-Nienburg-1024x576.jpg 1024w, https:\/\/nordwind.info\/wp-content\/uploads\/2019\/04\/1740_052425-B\u00dc-Zur-Stadtforst-Am-F\u00fchrser-Busch-Ri-Nienburg-300x169.jpg 300w, https:\/\/nordwind.info\/wp-content\/uploads\/2019\/04\/1740_052425-B\u00dc-Zur-Stadtforst-Am-F\u00fchrser-Busch-Ri-Nienburg-768x432.jpg 768w, https:\/\/nordwind.info\/wp-content\/uploads\/2019\/04\/1740_052425-B\u00dc-Zur-Stadtforst-Am-F\u00fchrser-Busch-Ri-Nienburg.jpg 1280w\" sizes=\"auto, (max-width: 640px) 100vw, 640px\" \/><\/a><\/p>\n<p><a href=\"http:\/\/nordwind.info\/wp-content\/uploads\/2019\/04\/1740_052425-B\u00dc-Zur-Stadtforst-Am-F\u00fchrser-Busch-Ri-Hannover.jpg\"><img loading=\"lazy\" decoding=\"async\" class=\"alignleft size-large wp-image-4698\" src=\"http:\/\/nordwind.info\/wp-content\/uploads\/2019\/04\/1740_052425-B\u00dc-Zur-Stadtforst-Am-F\u00fchrser-Busch-Ri-Hannover-1024x576.jpg\" alt=\"\" width=\"640\" height=\"360\" srcset=\"https:\/\/nordwind.info\/wp-content\/uploads\/2019\/04\/1740_052425-B\u00dc-Zur-Stadtforst-Am-F\u00fchrser-Busch-Ri-Hannover-1024x576.jpg 1024w, https:\/\/nordwind.info\/wp-content\/uploads\/2019\/04\/1740_052425-B\u00dc-Zur-Stadtforst-Am-F\u00fchrser-Busch-Ri-Hannover-300x169.jpg 300w, https:\/\/nordwind.info\/wp-content\/uploads\/2019\/04\/1740_052425-B\u00dc-Zur-Stadtforst-Am-F\u00fchrser-Busch-Ri-Hannover-768x432.jpg 768w, https:\/\/nordwind.info\/wp-content\/uploads\/2019\/04\/1740_052425-B\u00dc-Zur-Stadtforst-Am-F\u00fchrser-Busch-Ri-Hannover.jpg 1280w\" sizes=\"auto, (max-width: 640px) 100vw, 640px\" \/><\/a>052,425 \u2013 B\u00dc Zur Stadtforst \/ Am F\u00fcrser Busch<\/p>\n<p><a href=\"http:\/\/nordwind.info\/wp-content\/uploads\/2019\/04\/89b76408f93da28112763c0c0f14c010-2.jpg\"><img loading=\"lazy\" decoding=\"async\" class=\"alignleft size-full wp-image-4692\" src=\"http:\/\/nordwind.info\/wp-content\/uploads\/2019\/04\/89b76408f93da28112763c0c0f14c010-2.jpg\" alt=\"\" width=\"640\" height=\"380\" srcset=\"https:\/\/nordwind.info\/wp-content\/uploads\/2019\/04\/89b76408f93da28112763c0c0f14c010-2.jpg 640w, https:\/\/nordwind.info\/wp-content\/uploads\/2019\/04\/89b76408f93da28112763c0c0f14c010-2-300x178.jpg 300w\" sizes=\"auto, (max-width: 640px) 100vw, 640px\" \/><\/a><\/p>\n<p>052,425 \u2013 Rampe<\/p>\n<p><a href=\"http:\/\/nordwind.info\/wp-content\/uploads\/2019\/04\/P03-01-Gleistrasse-von-Hauptstrecke.jpg\"><img loading=\"lazy\" decoding=\"async\" class=\"alignleft size-large wp-image-4702\" src=\"http:\/\/nordwind.info\/wp-content\/uploads\/2019\/04\/P03-01-Gleistrasse-von-Hauptstrecke-1024x576.jpg\" alt=\"\" width=\"640\" height=\"360\" srcset=\"https:\/\/nordwind.info\/wp-content\/uploads\/2019\/04\/P03-01-Gleistrasse-von-Hauptstrecke-1024x576.jpg 1024w, https:\/\/nordwind.info\/wp-content\/uploads\/2019\/04\/P03-01-Gleistrasse-von-Hauptstrecke-300x169.jpg 300w, https:\/\/nordwind.info\/wp-content\/uploads\/2019\/04\/P03-01-Gleistrasse-von-Hauptstrecke-768x432.jpg 768w, https:\/\/nordwind.info\/wp-content\/uploads\/2019\/04\/P03-01-Gleistrasse-von-Hauptstrecke.jpg 1280w\" sizes=\"auto, (max-width: 640px) 100vw, 640px\" \/><\/a><\/p>\n<p><a href=\"http:\/\/nordwind.info\/wp-content\/uploads\/2019\/04\/P03-05.jpg\"><img loading=\"lazy\" decoding=\"async\" class=\"alignleft size-large wp-image-4708\" src=\"http:\/\/nordwind.info\/wp-content\/uploads\/2019\/04\/P03-05-1024x576.jpg\" alt=\"\" width=\"640\" height=\"360\" srcset=\"https:\/\/nordwind.info\/wp-content\/uploads\/2019\/04\/P03-05-1024x576.jpg 1024w, https:\/\/nordwind.info\/wp-content\/uploads\/2019\/04\/P03-05-300x169.jpg 300w, https:\/\/nordwind.info\/wp-content\/uploads\/2019\/04\/P03-05-768x432.jpg 768w, https:\/\/nordwind.info\/wp-content\/uploads\/2019\/04\/P03-05.jpg 1280w\" sizes=\"auto, (max-width: 640px) 100vw, 640px\" \/><\/a><\/p>\n<p>Abzweig von Strecke 1740 \/ Br\u00fcckenfragmente<\/p>\n<p><a href=\"http:\/\/nordwind.info\/wp-content\/uploads\/2025\/01\/SAM_0434.jpg\"><img loading=\"lazy\" decoding=\"async\" class=\"alignleft size-large wp-image-12839\" src=\"http:\/\/nordwind.info\/wp-content\/uploads\/2025\/01\/SAM_0434-1024x576.jpg\" alt=\"\" width=\"640\" height=\"360\" srcset=\"https:\/\/nordwind.info\/wp-content\/uploads\/2025\/01\/SAM_0434-1024x576.jpg 1024w, https:\/\/nordwind.info\/wp-content\/uploads\/2025\/01\/SAM_0434-300x169.jpg 300w, https:\/\/nordwind.info\/wp-content\/uploads\/2025\/01\/SAM_0434-768x432.jpg 768w, https:\/\/nordwind.info\/wp-content\/uploads\/2025\/01\/SAM_0434-1536x864.jpg 1536w, https:\/\/nordwind.info\/wp-content\/uploads\/2025\/01\/SAM_0434.jpg 1920w\" sizes=\"auto, (max-width: 640px) 100vw, 640px\" \/><\/a><\/p>\n<p><a href=\"http:\/\/nordwind.info\/wp-content\/uploads\/2025\/01\/SAM_0435.jpg\"><img loading=\"lazy\" decoding=\"async\" class=\"alignleft size-large wp-image-12840\" src=\"http:\/\/nordwind.info\/wp-content\/uploads\/2025\/01\/SAM_0435-1024x576.jpg\" alt=\"\" width=\"640\" height=\"360\" srcset=\"https:\/\/nordwind.info\/wp-content\/uploads\/2025\/01\/SAM_0435-1024x576.jpg 1024w, https:\/\/nordwind.info\/wp-content\/uploads\/2025\/01\/SAM_0435-300x169.jpg 300w, https:\/\/nordwind.info\/wp-content\/uploads\/2025\/01\/SAM_0435-768x432.jpg 768w, https:\/\/nordwind.info\/wp-content\/uploads\/2025\/01\/SAM_0435-1536x864.jpg 1536w, https:\/\/nordwind.info\/wp-content\/uploads\/2025\/01\/SAM_0435.jpg 1920w\" sizes=\"auto, (max-width: 640px) 100vw, 640px\" \/><\/a>Br\u00fcckenfragmente \/ Trasse Richtung Muna-Gel\u00e4nde<\/p>\n<p><a href=\"http:\/\/nordwind.info\/wp-content\/uploads\/2019\/04\/P04-02.jpg\"><img loading=\"lazy\" decoding=\"async\" class=\"alignleft size-large wp-image-4705\" src=\"http:\/\/nordwind.info\/wp-content\/uploads\/2019\/04\/P04-02-1024x576.jpg\" alt=\"\" width=\"640\" height=\"360\" srcset=\"https:\/\/nordwind.info\/wp-content\/uploads\/2019\/04\/P04-02-1024x576.jpg 1024w, https:\/\/nordwind.info\/wp-content\/uploads\/2019\/04\/P04-02-300x169.jpg 300w, https:\/\/nordwind.info\/wp-content\/uploads\/2019\/04\/P04-02-768x432.jpg 768w, https:\/\/nordwind.info\/wp-content\/uploads\/2019\/04\/P04-02.jpg 1280w\" sizes=\"auto, (max-width: 640px) 100vw, 640px\" \/><\/a><a href=\"http:\/\/nordwind.info\/wp-content\/uploads\/2019\/04\/P04-03.jpg\"><img loading=\"lazy\" decoding=\"async\" class=\"alignleft size-large wp-image-4706\" src=\"http:\/\/nordwind.info\/wp-content\/uploads\/2019\/04\/P04-03-1024x576.jpg\" alt=\"\" width=\"640\" height=\"360\" srcset=\"https:\/\/nordwind.info\/wp-content\/uploads\/2019\/04\/P04-03-1024x576.jpg 1024w, https:\/\/nordwind.info\/wp-content\/uploads\/2019\/04\/P04-03-300x169.jpg 300w, https:\/\/nordwind.info\/wp-content\/uploads\/2019\/04\/P04-03-768x432.jpg 768w, https:\/\/nordwind.info\/wp-content\/uploads\/2019\/04\/P04-03.jpg 1280w\" sizes=\"auto, (max-width: 640px) 100vw, 640px\" \/><\/a>Trasse zum Geb\u00e4ude 2<\/p>\n<p><a href=\"http:\/\/nordwind.info\/wp-content\/uploads\/2019\/04\/P04-05.jpg\"><img loading=\"lazy\" decoding=\"async\" class=\"alignleft size-full wp-image-4689\" src=\"http:\/\/nordwind.info\/wp-content\/uploads\/2019\/04\/P04-05.jpg\" alt=\"\" width=\"1280\" height=\"720\" srcset=\"https:\/\/nordwind.info\/wp-content\/uploads\/2019\/04\/P04-05.jpg 1280w, https:\/\/nordwind.info\/wp-content\/uploads\/2019\/04\/P04-05-300x169.jpg 300w, https:\/\/nordwind.info\/wp-content\/uploads\/2019\/04\/P04-05-768x432.jpg 768w, https:\/\/nordwind.info\/wp-content\/uploads\/2019\/04\/P04-05-1024x576.jpg 1024w\" sizes=\"auto, (max-width: 1280px) 100vw, 1280px\" \/><\/a>Geb\u00e4ude 2<\/p>\n<p><a href=\"http:\/\/nordwind.info\/wp-content\/uploads\/2019\/04\/P05-03.jpg\"><img loading=\"lazy\" decoding=\"async\" class=\"alignleft size-full wp-image-4690\" src=\"http:\/\/nordwind.info\/wp-content\/uploads\/2019\/04\/P05-03.jpg\" alt=\"\" width=\"1280\" height=\"720\" srcset=\"https:\/\/nordwind.info\/wp-content\/uploads\/2019\/04\/P05-03.jpg 1280w, https:\/\/nordwind.info\/wp-content\/uploads\/2019\/04\/P05-03-300x169.jpg 300w, https:\/\/nordwind.info\/wp-content\/uploads\/2019\/04\/P05-03-768x432.jpg 768w, https:\/\/nordwind.info\/wp-content\/uploads\/2019\/04\/P05-03-1024x576.jpg 1024w\" sizes=\"auto, (max-width: 1280px) 100vw, 1280px\" \/><\/a><\/p>\n<p>Geb\u00e4ude 4<\/p>\n<p><a href=\"#\">Seitenanfang<\/a><\/p>\n","protected":false},"excerpt":{"rendered":"<p>Objektname: Lufthauptmunitionsanstalt 3\/XI Langendamm Ortslage\/LK: Langendamm, Gemarkung Westerbruch, LK Nienburg\/Weser, NI Nutzung: \u00a0 \u00a0 \u00a0 \u00a01936 \u2013 1945 Wehrmacht,\u00a0Luftgau-Kommando XI, \u00a0 \u00a0 \u00a0 \u00a0 \u00a0 \u00a0 \u00a0 \u00a0 \u00a0 \u00a01945 \u2013 1947 Britische Armee \u00a0 \u00a0 \u00a0 \u00a0 \u00a0 \u00a0 &hellip; <a href=\"https:\/\/nordwind.info\/?page_id=4682\">Weiterlesen <span class=\"meta-nav\">&rarr;<\/span><\/a><\/p>\n","protected":false},"author":1,"featured_media":0,"parent":14039,"menu_order":0,"comment_status":"closed","ping_status":"closed","template":"","meta":{"footnotes":""},"class_list":["post-4682","page","type-page","status-publish","hentry"],"_links":{"self":[{"href":"https:\/\/nordwind.info\/index.php?rest_route=\/wp\/v2\/pages\/4682","targetHints":{"allow":["GET"]}}],"collection":[{"href":"https:\/\/nordwind.info\/index.php?rest_route=\/wp\/v2\/pages"}],"about":[{"href":"https:\/\/nordwind.info\/index.php?rest_route=\/wp\/v2\/types\/page"}],"author":[{"embeddable":true,"href":"https:\/\/nordwind.info\/index.php?rest_route=\/wp\/v2\/users\/1"}],"replies":[{"embeddable":true,"href":"https:\/\/nordwind.info\/index.php?rest_route=%2Fwp%2Fv2%2Fcomments&post=4682"}],"version-history":[{"count":26,"href":"https:\/\/nordwind.info\/index.php?rest_route=\/wp\/v2\/pages\/4682\/revisions"}],"predecessor-version":[{"id":14053,"href":"https:\/\/nordwind.info\/index.php?rest_route=\/wp\/v2\/pages\/4682\/revisions\/14053"}],"up":[{"embeddable":true,"href":"https:\/\/nordwind.info\/index.php?rest_route=\/wp\/v2\/pages\/14039"}],"wp:attachment":[{"href":"https:\/\/nordwind.info\/index.php?rest_route=%2Fwp%2Fv2%2Fmedia&parent=4682"}],"curies":[{"name":"wp","href":"https:\/\/api.w.org\/{rel}","templated":true}]}}