{"id":1464,"date":"2017-10-17T12:18:02","date_gmt":"2017-10-17T12:18:02","guid":{"rendered":"http:\/\/nordwind.info\/?page_id=1464"},"modified":"2025-04-11T06:40:03","modified_gmt":"2025-04-11T06:40:03","slug":"festung-nienburg","status":"publish","type":"page","link":"https:\/\/nordwind.info\/?page_id=1464","title":{"rendered":"Nienburg, Festung Nienburg"},"content":{"rendered":"<p style=\"text-align: justify;\">Es gibt viele Geschichten, Dokumente und auch Internetseiten zur Beschreibung der Burg, Festung und Stadt Nienburg. Hier soll das Rad nicht neu erfunden werden und etwa eine neue Geschichte entstehen. Wenn vorhanden, erfolgen Hinweise auf die Fundstellen, wo man sich genauer \u00fcber die Thematik informieren kann. Die B\u00fccher \u201cFestung Nienburg\u201d (Schriften des Museums Nienburg) und \u201cNienburg \u2013 Eine Stadtgeschichte\u201d von Mark Feuerle (herausgegeben von Edition Temmen) sind historische Fundgruben; spannend und lesenswert.<\/p>\n<p><a href=\"http:\/\/nordwind.info\/wp-content\/uploads\/2017\/10\/Nienburg_Merian-crop.jpg\"><img loading=\"lazy\" decoding=\"async\" class=\"alignleft size-large wp-image-1468\" src=\"http:\/\/nordwind.info\/wp-content\/uploads\/2017\/10\/Nienburg_Merian-crop-1024x327.jpg\" alt=\"\" width=\"640\" height=\"204\" srcset=\"https:\/\/nordwind.info\/wp-content\/uploads\/2017\/10\/Nienburg_Merian-crop-1024x327.jpg 1024w, https:\/\/nordwind.info\/wp-content\/uploads\/2017\/10\/Nienburg_Merian-crop-300x96.jpg 300w, https:\/\/nordwind.info\/wp-content\/uploads\/2017\/10\/Nienburg_Merian-crop-768x245.jpg 768w, https:\/\/nordwind.info\/wp-content\/uploads\/2017\/10\/Nienburg_Merian-crop.jpg 1232w\" sizes=\"auto, (max-width: 640px) 100vw, 640px\" \/><\/a><\/p>\n<p style=\"text-align: justify;\">Wilhelm Dismer aus Nienburg erz\u00e4hlte in seinem Buch \u201cGeschichten und Sagen aus alten Tagen\u201d von dem Zimmermann der aus Bremen kommend vor der Weserbr\u00fccke stand und die Mauern der Festungsanlage bestaunte.\u00a0Ein Merian aus dieser Zeit zeigt diese Ansicht.<\/p>\n<p style=\"text-align: justify;\"><a href=\"http:\/\/nordwind.info\/wp-content\/uploads\/2017\/10\/668px-Nienburg_Grundriss_Merian.jpg\"><img loading=\"lazy\" decoding=\"async\" class=\"alignleft size-medium wp-image-1469\" src=\"http:\/\/nordwind.info\/wp-content\/uploads\/2017\/10\/668px-Nienburg_Grundriss_Merian-300x269.jpg\" alt=\"\" width=\"300\" height=\"269\" srcset=\"https:\/\/nordwind.info\/wp-content\/uploads\/2017\/10\/668px-Nienburg_Grundriss_Merian-300x269.jpg 300w, https:\/\/nordwind.info\/wp-content\/uploads\/2017\/10\/668px-Nienburg_Grundriss_Merian.jpg 668w\" sizes=\"auto, (max-width: 300px) 100vw, 300px\" \/><\/a>Nachdem der reisende Zimmermann dem m\u00fcrrisch dreinblickenden Torw\u00e4chter sein Anliegen erkl\u00e4rte und \u00fcber die Strapazen seiner bisherigen Reise berichtete, wurde ihm Einla\u00df gew\u00e4hrt.\u00a0<em>\u201cWahrlich junger Freund\u201d<\/em>\u00a0entgegnete der Torw\u00e4chter\u00a0<em>\u201cIhr h\u00e4ttet aus jeder Richtung in unsere Stadt kommen k\u00f6nnen, denn Nienburg verf\u00fcgt \u00fcber vier Stadttore\u201d<\/em>. Er zeigte auf einen Grundrissplan der Festungsanlege und beschrieb die darin eingezeichneten Tore wie folgt:\u00a0\u201d<em>Im Norden befindet sich das Nordertor, im Osten das Leintor, im S\u00fcden das M\u00fchlentor und und im Westen das Wesertor, durch das Ihr gerade die Stadt betreten wollt\u201d<\/em>. Der Torw\u00e4chter pr\u00fcfte die Papiere des Handwerksburschen, gab ihn Hinweise zu Herbergen und lie\u00df ihn passieren.<\/p>\n<p><a href=\"http:\/\/nordwind.info\/wp-content\/uploads\/2017\/10\/JPGStadt_und_Festung_Nienburg_um_1650-crop.jpg\"><img loading=\"lazy\" decoding=\"async\" class=\"alignleft size-large wp-image-1471\" src=\"http:\/\/nordwind.info\/wp-content\/uploads\/2017\/10\/JPGStadt_und_Festung_Nienburg_um_1650-crop-1024x510.jpg\" alt=\"\" width=\"640\" height=\"319\" srcset=\"https:\/\/nordwind.info\/wp-content\/uploads\/2017\/10\/JPGStadt_und_Festung_Nienburg_um_1650-crop-1024x510.jpg 1024w, https:\/\/nordwind.info\/wp-content\/uploads\/2017\/10\/JPGStadt_und_Festung_Nienburg_um_1650-crop-300x149.jpg 300w, https:\/\/nordwind.info\/wp-content\/uploads\/2017\/10\/JPGStadt_und_Festung_Nienburg_um_1650-crop-768x382.jpg 768w, https:\/\/nordwind.info\/wp-content\/uploads\/2017\/10\/JPGStadt_und_Festung_Nienburg_um_1650-crop.jpg 1251w\" sizes=\"auto, (max-width: 640px) 100vw, 640px\" \/><\/a><\/p>\n<p style=\"text-align: justify;\">Ein weiter Merian zeigt die Stadt mit den Festungsanlagen aus Richtung des Nordertores etwa um 1650. Im Vordergrund erkennt man auch den heute noch vorhanden\u00a0<a title=\"Der Galgenberg\" href=\"http:\/\/nordwind.info\/?page_id=2883\">Galgenberg<\/a>.<\/p>\n<p style=\"text-align: justify;\"><a href=\"http:\/\/nordwind.info\/wp-content\/uploads\/2017\/10\/450px-Rathaus_Nienburg01-225x300.jpg\"><img loading=\"lazy\" decoding=\"async\" class=\"alignright size-full wp-image-1473\" src=\"http:\/\/nordwind.info\/wp-content\/uploads\/2017\/10\/450px-Rathaus_Nienburg01-225x300.jpg\" alt=\"\" width=\"225\" height=\"300\" \/><\/a>Bevor sich unser Zimmermann in der Herberge ausruhen durfte, mu\u00dfte er sich im Rathaus polizeilich anmelden. Das gab es zu damaliger Zeit schon! Es schrieb eine bereits im Jahre 1596 vom Grafen Erich erlassene Polizeiverordnung vor, wie man sich in der Stadt Nienburg zu verhalten hat. Das waren so viel Vorschriften die er da zu h\u00f6ren bekam, die er sich nicht alle auf einmal merken konnte. Auf dem Wirtschaftshof angekommen staunte er nicht schlecht, als er erfuhr wer da alles wohnte: Insgesamt \u00fcber 100 Personen, die f\u00fcr die Logistik und Instandhaltung der Festung Nienburg sowie zur Versorgung der Truppen in Lohn und Brot standen.<\/p>\n<p style=\"text-align: justify;\"><a href=\"http:\/\/nordwind.info\/wp-content\/uploads\/2017\/10\/717px-Nienburg_18._Jht.jpg\"><img loading=\"lazy\" decoding=\"async\" class=\"alignleft size-medium wp-image-1475\" src=\"http:\/\/nordwind.info\/wp-content\/uploads\/2017\/10\/717px-Nienburg_18._Jht-300x251.jpg\" alt=\"\" width=\"300\" height=\"251\" srcset=\"https:\/\/nordwind.info\/wp-content\/uploads\/2017\/10\/717px-Nienburg_18._Jht-300x251.jpg 300w, https:\/\/nordwind.info\/wp-content\/uploads\/2017\/10\/717px-Nienburg_18._Jht.jpg 717w\" sizes=\"auto, (max-width: 300px) 100vw, 300px\" \/><\/a>Der Weg vom Wesertor zum Rathaus f\u00fchrte durch die Weserstra\u00dfe. Es war zu damaliger Zeit eine der Haupteinfallstra\u00dfen, von wo sich die Lange Stra\u00dfe abzweigte. Von der Langen Stra\u00dfe f\u00fchrten wiederum Stra\u00dfen zu den jeweiligen Einfallstra\u00dfen der anderen bereits genannten Stadttore, zur Kirche, zum Schlo\u00dfplatz und zum Posthof. Die Festungsanlage hatte unz\u00e4hlige Bastionen und kleinere Schanzen, die alle durch Wehrg\u00e4nge miteinander verbunden waren.<\/p>\n<p style=\"text-align: justify;\"><a href=\"http:\/\/nordwind.info\/wp-content\/uploads\/2017\/10\/Kanone.jpg\"><img loading=\"lazy\" decoding=\"async\" class=\"alignright size-full wp-image-1477\" src=\"http:\/\/nordwind.info\/wp-content\/uploads\/2017\/10\/Kanone.jpg\" alt=\"\" width=\"220\" height=\"162\" \/><\/a>In fr\u00fcheren Zeiten standen 2 Kompanien, also etwa 100 Personen unter Waffen, um die Festung Nienburg milit\u00e4risch zu besetzen. In Kriegszeiten wurde die Besetzung durch \u201callerlei Kriegsvolk\u201d verst\u00e4rkt. Wie das funktionierte, zeigt die \u00dcberlieferung aus dem 30-j\u00e4hrigen Krieg, als\u00a0<a title=\"Feldherr Tilly\" href=\"http:\/\/de.wikipedia.org\/wiki\/Feldherr_Tilly\" target=\"_blank\" rel=\"noopener\">Feldherr Tilly<\/a>\u00a0von der\u00a0<a title=\"Katholische Liga\" href=\"http:\/\/de.wikipedia.org\/wiki\/Katholische_Liga_(1609)\" target=\"_blank\" rel=\"noopener\">Katholischen Liga<\/a>\u00a0mit 40.000 Soldaten die Stadt belagerte.<\/p>\n<p style=\"text-align: justify;\"><strong>Drei\u00dfigj\u00e4hriger Krieg<\/strong><\/p>\n<p style=\"text-align: justify;\"><a href=\"http:\/\/nordwind.info\/wp-content\/uploads\/2017\/10\/Belagerung-2.png\"><img loading=\"lazy\" decoding=\"async\" class=\"alignleft size-medium wp-image-1478\" src=\"http:\/\/nordwind.info\/wp-content\/uploads\/2017\/10\/Belagerung-2-218x300.png\" alt=\"\" width=\"218\" height=\"300\" srcset=\"https:\/\/nordwind.info\/wp-content\/uploads\/2017\/10\/Belagerung-2-218x300.png 218w, https:\/\/nordwind.info\/wp-content\/uploads\/2017\/10\/Belagerung-2.png 436w\" sizes=\"auto, (max-width: 218px) 100vw, 218px\" \/><\/a>Bereits 1623 verlegte der Herzog Georg von Calenberg als General des Nieders\u00e4chsiischen Reiches mit seinen Truppen in die Stadt. Unter dem Befehl von Oberst Isaac Lardin von Limbach r\u00fcckten 3.000 Mann in die Stadt ein. In den umliegenden D\u00f6rfern wurde intensiv die Werbetrommel geschlagen und durch viele Versprechen, die nie eingehalten werden konnten, wurden 7000 Mann unter Waffen gebracht.<\/p>\n<p style=\"text-align: justify;\">Die 3000 D\u00e4nen haben sich zusammen mit den Nienburger B\u00fcrgern tapfer geschlagen. Trotz st\u00e4ndiger Angriffe der Tillyschen Kanonen wurde die Stadt nicht zur Aufgabe gezwungen.<\/p>\n<p style=\"text-align: justify;\"><strong>Dat w\u00e4hlige Rott<\/strong><\/p>\n<p style=\"text-align: justify;\"><a href=\"http:\/\/nordwind.info\/wp-content\/uploads\/2017\/10\/Landsknechte.jpg\"><img loading=\"lazy\" decoding=\"async\" class=\"alignright size-medium wp-image-1479\" src=\"http:\/\/nordwind.info\/wp-content\/uploads\/2017\/10\/Landsknechte-300x163.jpg\" alt=\"\" width=\"300\" height=\"163\" srcset=\"https:\/\/nordwind.info\/wp-content\/uploads\/2017\/10\/Landsknechte-300x163.jpg 300w, https:\/\/nordwind.info\/wp-content\/uploads\/2017\/10\/Landsknechte.jpg 450w\" sizes=\"auto, (max-width: 300px) 100vw, 300px\" \/><\/a>Eine Gruppe verwegener\u00a0<a title=\"Landsknecht\" href=\"http:\/\/de.wikipedia.org\/wiki\/Landsknecht\" target=\"_blank\" rel=\"noopener\">Landsknechte<\/a>\u00a0\u2013 \u201cDat w\u00e4hlige Rott\u201d \u2013 wagten es sogar, aus dem Feldlager Tillys ein Zelt zu stehlen. B\u00fcrger unter Waffen zur Verteidigung und das Tillyzelt spielen auch heute noch eine gro\u00dfe Rolle bei dem allj\u00e4hrlichen Scheiben-schie\u00dfen der Stadt Nienburg\/Weser.<\/p>\n<p style=\"text-align: justify;\"><strong>Bastionen, Halbe Bastionen und Ravelins<\/strong><\/p>\n<p style=\"text-align: justify;\">Ab etwa dem 16. Jahrhundert entstanden, durch die Erfindung und dem Gebrauch des Schie\u00dfpulvers in ganz Europa Festungsformen, die auch auf dem Festungsplan von 1754 zu erkennen ist. Der Festungskern wurde durch den Hauptwall umgeben, in dem die Bastionen und Halben Bastionen eingebaut waren. Davor lag nur noch der Festungsgraben und die Ravelins als besonderer Schutz der Tore. Der Festungszeichner Matthai Seutter beschreibt in der Legende des\u00a0<a title=\"Lageplan 18. Jahrhundert\" href=\"http:\/\/nordwind.info\/lost-places\/nienburg-weser\/bastionen\/\">Festungsplanes<\/a>\u00a0von Nienburg \u00a0die Anzahl von \u201cSechs ganzen und f\u00fcnf halben Bastions\u201d)<\/p>\n<p style=\"text-align: justify;\">Die Bastion \u201cDas neue Bollwerk hinterm Laboratorio\u201d lag etwa dort, wo sich heute das Filmtheater befindet. Rechts hievon lagen die Bastionen \u201cAuf den Kuhlen\u201d und \u201cAuf der scharffen Ecke\u201d. Hiervon sind heute keine Spuren mehr erkennbar. Am Standort der ehemaligen Bastion \u201cHinter Holz-Hofe\u201d macht die Aue einen scharfen Knick und eine damals vorhandene Bastion l\u00e4\u00dft sich erahnen.<\/p>\n<p style=\"text-align: justify;\"><strong>Bastion Christian Ludwig (Bastion Hoffnung)<\/strong><\/p>\n<p style=\"text-align: justify;\">Von den vielen Wallanlagen und Bastionen der Festung Nienburg blieb nach der Schleifung durch die Franz\u00f6sischen Truppen nur das untere Mauerwerk der Bastion Christian Ludwig erhalten. Namensgeber dieser Anlage war der Herzuog zu Braunschweig und L\u00fcneburg Christian Ludwig. Die dicken Steinquader dieser Anlage zeugen noch heute von der St\u00e4rke der Festungsanlage.<\/p>\n<p><a href=\"http:\/\/nordwind.info\/wp-content\/uploads\/2017\/10\/Bastion-5-crop.jpg\"><img loading=\"lazy\" decoding=\"async\" class=\"alignright size-full wp-image-1480\" src=\"http:\/\/nordwind.info\/wp-content\/uploads\/2017\/10\/Bastion-5-crop.jpg\" alt=\"\" width=\"640\" height=\"360\" srcset=\"https:\/\/nordwind.info\/wp-content\/uploads\/2017\/10\/Bastion-5-crop.jpg 640w, https:\/\/nordwind.info\/wp-content\/uploads\/2017\/10\/Bastion-5-crop-300x169.jpg 300w\" sizes=\"auto, (max-width: 640px) 100vw, 640px\" \/><\/a><\/p>\n<p style=\"text-align: justify;\">Namensgeber dieser Bastion war der Herzog zu Braunschweig-L\u00fcneburg <a href=\"https:\/\/de.wikipedia.org\/wiki\/Christian_Ludwig_(Braunschweig-L\u00fcneburg)\" target=\"_blank\" rel=\"noopener\">Christian Ludwig<\/a>. Ein heute noch vorhandener Reliefstein zeigt die Jahreszahl 1662 mit den Initialen C L (Christian Ludwig), die auf die Fertigstellung dieser Anlage hinweisen. Auch nach einer Umgestaltung des ehemaligen Wallg\u00fcrtels im 19. Jh. blieb die Bastion in\u00a0der Ursprungsform erhalten.<\/p>\n<p><a href=\"http:\/\/nordwind.info\/wp-content\/uploads\/2017\/10\/Bastion-3-crop.jpg\"><img loading=\"lazy\" decoding=\"async\" class=\"alignright size-full wp-image-1482\" src=\"http:\/\/nordwind.info\/wp-content\/uploads\/2017\/10\/Bastion-3-crop.jpg\" alt=\"\" width=\"640\" height=\"360\" srcset=\"https:\/\/nordwind.info\/wp-content\/uploads\/2017\/10\/Bastion-3-crop.jpg 640w, https:\/\/nordwind.info\/wp-content\/uploads\/2017\/10\/Bastion-3-crop-300x169.jpg 300w\" sizes=\"auto, (max-width: 640px) 100vw, 640px\" \/><\/a><\/p>\n<p style=\"text-align: justify;\">F\u00fcr die Studenten der 1853 in Nienburg gegr\u00fcndeten Baugewerkschule, aber auch f\u00fcr den Rest der jugendlichen Bev\u00f6lkerung Nienburgs war die Bastion ein beliebter Treffpunkt f\u00fcr Verliebte Paare. Mit der Verabredung &#8222;wir treffen uns auf der Hoffnung&#8220; erhielt dieBastion im Laufe der Zeit eine inetrne Namens\u00e4nderung. Die Nienburger B\u00fcrger kennen diesen Platz mit der heutigen Bezeichnung Bastion Hoffnung, der zu den sch\u00f6nsten Pl\u00e4tzen der Stadt geh\u00f6rt.<\/p>\n<p style=\"text-align: justify;\"><strong>Bastion Georg Wilhelm (Kuhschanze)<\/strong><\/p>\n<p style=\"text-align: justify;\">Etwas weiter im Norden, unterhalb der heutigen Weserbr\u00fccke befand sich die Bastion Georg Wilhelm. Die Bezeichnung ging im Laufe der Zeit in \u201cKuhschanze\u201d \u00fcber. Die Bezeichnung entstand, da an diesem Weserufer die Kuhweiden der Nienburger Bauern lagen.<\/p>\n<p><a href=\"http:\/\/nordwind.info\/wp-content\/uploads\/2017\/10\/Kuhschanze-1.jpg\"><img loading=\"lazy\" decoding=\"async\" class=\"alignright size-full wp-image-1484\" src=\"http:\/\/nordwind.info\/wp-content\/uploads\/2017\/10\/Kuhschanze-1.jpg\" alt=\"\" width=\"640\" height=\"360\" srcset=\"https:\/\/nordwind.info\/wp-content\/uploads\/2017\/10\/Kuhschanze-1.jpg 640w, https:\/\/nordwind.info\/wp-content\/uploads\/2017\/10\/Kuhschanze-1-300x169.jpg 300w\" sizes=\"auto, (max-width: 640px) 100vw, 640px\" \/><\/a><\/p>\n<p style=\"text-align: justify;\">Namensgeber dieser Anlage war der Herzog zu Braunschweig-L\u00fcneburg <a href=\"https:\/\/de.wikipedia.org\/wiki\/Georg_Wilhelm_(Braunschweig-L\u00fcneburg)\" target=\"_blank\" rel=\"noopener\">Georg Wilhelm<\/a> (ein Bruder Christian Ludwigs). Die Befestigung wurde im gleichen Zeitraum errichtet, wie die Bastion Christian Ludwig.<\/p>\n<p><a href=\"http:\/\/nordwind.info\/wp-content\/uploads\/2017\/10\/Kuhschanze-2.jpg\"><img loading=\"lazy\" decoding=\"async\" class=\"alignright size-full wp-image-1485\" src=\"http:\/\/nordwind.info\/wp-content\/uploads\/2017\/10\/Kuhschanze-2.jpg\" alt=\"\" width=\"640\" height=\"360\" srcset=\"https:\/\/nordwind.info\/wp-content\/uploads\/2017\/10\/Kuhschanze-2.jpg 640w, https:\/\/nordwind.info\/wp-content\/uploads\/2017\/10\/Kuhschanze-2-300x169.jpg 300w\" sizes=\"auto, (max-width: 640px) 100vw, 640px\" \/><\/a><\/p>\n<p style=\"text-align: justify;\">Nach der Schleifung der Festung Nienburg blieb auch hier nur der unterste Mauerteil erhalten.<\/p>\n<p style=\"text-align: justify;\">Im Jahre 1872 errichtete ein Deutsch-Amerikaner aus Langendamm auf dem Gel\u00e4nde der Bastion Georg Wilhelm eine prunkvolle Villa. Hier wohnte von 1892 bis 1930 der Nienburger B\u00fcrgermeister Stahn.<\/p>\n<p><a href=\"http:\/\/nordwind.info\/wp-content\/uploads\/2017\/10\/Zaun-1-Stahnsche-Villa.jpg\"><img loading=\"lazy\" decoding=\"async\" class=\"alignright size-full wp-image-1486\" src=\"http:\/\/nordwind.info\/wp-content\/uploads\/2017\/10\/Zaun-1-Stahnsche-Villa.jpg\" alt=\"\" width=\"640\" height=\"360\" srcset=\"https:\/\/nordwind.info\/wp-content\/uploads\/2017\/10\/Zaun-1-Stahnsche-Villa.jpg 640w, https:\/\/nordwind.info\/wp-content\/uploads\/2017\/10\/Zaun-1-Stahnsche-Villa-300x169.jpg 300w\" sizes=\"auto, (max-width: 640px) 100vw, 640px\" \/><\/a><\/p>\n<p style=\"text-align: justify;\">1949 ging das Anwesen an ein \u00f6rtliches Stromversorgungsunternehmen, die die Villa abbrechen lie\u00df.<\/p>\n<p><a href=\"http:\/\/nordwind.info\/wp-content\/uploads\/2017\/10\/Zaun-3-Stahnsche-Villa.jpg\"><img loading=\"lazy\" decoding=\"async\" class=\"alignright size-full wp-image-1487\" src=\"http:\/\/nordwind.info\/wp-content\/uploads\/2017\/10\/Zaun-3-Stahnsche-Villa.jpg\" alt=\"\" width=\"640\" height=\"360\" srcset=\"https:\/\/nordwind.info\/wp-content\/uploads\/2017\/10\/Zaun-3-Stahnsche-Villa.jpg 640w, https:\/\/nordwind.info\/wp-content\/uploads\/2017\/10\/Zaun-3-Stahnsche-Villa-300x169.jpg 300w\" sizes=\"auto, (max-width: 640px) 100vw, 640px\" \/><\/a><\/p>\n<p style=\"text-align: justify;\">Lediglich die Umz\u00e4unung mit der Toreinfahrt erinnern an diese Zeit.<\/p>\n<p style=\"text-align: justify;\"><strong>Halbe Bastionen<\/strong><\/p>\n<p style=\"text-align: justify;\">Halbe Bastionen waren kleiner Wehranlagen und befanden sich im s\u00fcdlichen Bereich der Festung Nienburg. Die \u201cHalbe Bastion auf dem Maibaum\u201d befand sich am Auewall. In der N\u00e4he der M\u00fchle lag die \u201cHalbe Bastion hinter der M\u00fchle\u201d. Weiter Anlagen waren die halben Bastionen \u201cHinter den Baracken\u201d, \u201cHinter der Schmiede\u201d und \u201cBeim Weser-Thor\u201d lagen am Weserwall zwischen M\u00fchle und der damaligen Weserbr\u00fccke (Weserstra\u00dfe).<\/p>\n<p style=\"text-align: justify;\"><strong>Ravelins<\/strong><\/p>\n<p style=\"text-align: justify;\">Die Tore der Festung Nienburg wurden durch vorgelagerte Stellungen \u2013 Ravelins \u2013 gesch\u00fctzt, die st\u00e4ndig mit Soldaten besetzt waren. Das \u201cRavelin vor dem Nieder-Thor\u201d befand sich zwischen dem Filmtheater und der Gastst\u00e4tte am Stahn-Wall. Ein weiteres Ravelin befand sich am Wesertor, auf der westlichen Seite der Weser.<\/p>\n<p style=\"text-align: justify;\"><strong>Zeittafel<\/strong><\/p>\n<ul style=\"text-align: justify;\">\n<li>800 \u2013 900\u00a0\u00a0\u00a0\u00a0 Aufgabe der\u00a0<a title=\"Walkenburg\" href=\"http:\/\/nordwind.info\/lost-places\/wustungen\/walkenburg\/\">Walkenburg<\/a>\u00a0\u2013 Bau der Neyborch = Neue Burg<\/li>\n<li>1025 \u00a0 \u00a0 \u00a0 \u00a0 \u00a0 \u00a0 \u00a0Erste urkundliche Erw\u00e4hnung Nienburgs<\/li>\n<li>etwa 1350 \u00a0 \u00a0 Bau einer massiven Stadtbefestigung (Burganlage mit Mauern)<\/li>\n<li>1357 \u2013 1557 \u00a0\u00a0<a title=\"Die Geschichte der Pest\" href=\"http:\/\/de.wikipedia.org\/wiki\/Geschichte_der_Pest\" target=\"_blank\" rel=\"noopener\">Die Pest w\u00fctet in Europa<\/a><\/li>\n<li>1514 \u00a0 \u00a0 \u00a0 \u00a0 \u00a0 \u00a0 \u00a0 Ein Gro\u00dfbrand legt die Innenstadt in Schutt und Asche<\/li>\n<li>etwa 1550 \u00a0 \u00a0 Es wird \u00fcber Befestigungen wie W\u00e4lle, Werke und T\u00fcrmen berichtet<\/li>\n<li>1618 \u2013 1648 \u00a0<a title=\"Der Drei\u00dfigj\u00e4hrige Krieg\" href=\"http:\/\/de.wikipedia.org\/wiki\/Drei%C3%9Figj%C3%A4hriger_Krieg\" target=\"_blank\" rel=\"noopener\">Drei\u00dfigj\u00e4hriger Krieg<\/a><\/li>\n<li>1622 \u00a0 \u00a0 \u00a0 \u00a0 \u00a0 \u00a0 \u00a0 Vorbereitung der Stadt zur Verteidigung (Bewaffnung\/Proviant\/Wachen)<\/li>\n<li>1627 \u00a0 \u00a0 \u00a0 \u00a0 \u00a0 \u00a0 \u00a0 \u00c4ltester vorhandener Festungsplan noch ohne milit\u00e4rische Ausbauten<\/li>\n<li>1627 \u2013 1634 \u00a0Verst\u00e4rkung der Festungsanlagen durch Bastionen und Ravelins<\/li>\n<li>1655 \u2013 1662 \u00a0 Weiterer Ausbau der Festung<\/li>\n<li>1654 \u00a0 \u00a0 \u00a0 \u00a0 \u00a0 \u00a0 \u00a0 Festung Nienburg wird zur Hannoverschen Landesfestung<\/li>\n<li>1734 \u2013 1741 \u00a0 Modernisierung der Festung nach neustem Stand der Kriegsf\u00fchrung<\/li>\n<li>1756 \u2013 1763 \u00a0\u00a0<a title=\"Der Siebenj\u00e4hrige Krieg\" href=\"http:\/\/de.wikipedia.org\/wiki\/Siebenj%C3%A4hriger_Krieg\" target=\"_blank\" rel=\"noopener\">Siebenj\u00e4hriger Krieg<\/a><\/li>\n<li>1757 \u00a0 \u00a0 \u00a0 \u00a0 \u00a0 \u00a0 \u00a0 Nienburgs \u201cFranzosentied\u201d bis 28.02.1758<\/li>\n<li>1803 \u2013 1805 \u00a0Nienburg wird erneut durch franz\u00f6sdische Truppen besetzt<\/li>\n<li>1806 \u00a0 \u00a0 \u00a0 \u00a0 \u00a0 \u00a0 \u00a0Befehl von\u00a0<a title=\"Napoleon Bonaparte\" href=\"http:\/\/de.wikipedia.org\/wiki\/Napoleon_Bonaparte\" target=\"_blank\" rel=\"noopener\">Napoleon Bonaparte<\/a>\u00a0zur Schleifung der Festung Nienburg<\/li>\n<li>1808 \u00a0 \u00a0 \u00a0 \u00a0 \u00a0 \u00a0 \u00a0Die Schleifung der Festung Nienburg ist beendet<\/li>\n<\/ul>\n<p style=\"text-align: justify;\"><strong>Quellenangaben<\/strong><\/p>\n<ul>\n<li style=\"text-align: justify;\">Geschichte und Sagen aus alten Tagen, Wilhelm Dismer, ca. 1950<\/li>\n<li style=\"text-align: justify;\">Sparkasse Nienburg \u2013 Gru\u00df aus Nienburg \u2013 auf alten Ansichtskarten \u2013 1983<\/li>\n<li style=\"text-align: justify;\">B\u00fcrger und Soldaten \u2013 Geschichte der Garnisonsstadt Nienburg, H. u. W. Ziegler 1984<\/li>\n<li style=\"text-align: justify;\">Festung Nienburg, Schriften des Museums Nienburg Band Nr. 16<\/li>\n<li style=\"text-align: justify;\">Nienburg \u2013 Eine Stadtgeschichte, Mark Feuerle, Verlag Edition Temmen<\/li>\n<li style=\"text-align: justify;\">Wikimedia Commons<\/li>\n<li style=\"text-align: justify;\">Wikipedia<\/li>\n<\/ul>\n","protected":false},"excerpt":{"rendered":"<p>Es gibt viele Geschichten, Dokumente und auch Internetseiten zur Beschreibung der Burg, Festung und Stadt Nienburg. Hier soll das Rad nicht neu erfunden werden und etwa eine neue Geschichte entstehen. Wenn vorhanden, erfolgen Hinweise auf die Fundstellen, wo man sich &hellip; <a href=\"https:\/\/nordwind.info\/?page_id=1464\">Weiterlesen <span class=\"meta-nav\">&rarr;<\/span><\/a><\/p>\n","protected":false},"author":1,"featured_media":0,"parent":14136,"menu_order":0,"comment_status":"closed","ping_status":"closed","template":"","meta":{"footnotes":""},"class_list":["post-1464","page","type-page","status-publish","hentry"],"_links":{"self":[{"href":"https:\/\/nordwind.info\/index.php?rest_route=\/wp\/v2\/pages\/1464","targetHints":{"allow":["GET"]}}],"collection":[{"href":"https:\/\/nordwind.info\/index.php?rest_route=\/wp\/v2\/pages"}],"about":[{"href":"https:\/\/nordwind.info\/index.php?rest_route=\/wp\/v2\/types\/page"}],"author":[{"embeddable":true,"href":"https:\/\/nordwind.info\/index.php?rest_route=\/wp\/v2\/users\/1"}],"replies":[{"embeddable":true,"href":"https:\/\/nordwind.info\/index.php?rest_route=%2Fwp%2Fv2%2Fcomments&post=1464"}],"version-history":[{"count":17,"href":"https:\/\/nordwind.info\/index.php?rest_route=\/wp\/v2\/pages\/1464\/revisions"}],"predecessor-version":[{"id":2517,"href":"https:\/\/nordwind.info\/index.php?rest_route=\/wp\/v2\/pages\/1464\/revisions\/2517"}],"up":[{"embeddable":true,"href":"https:\/\/nordwind.info\/index.php?rest_route=\/wp\/v2\/pages\/14136"}],"wp:attachment":[{"href":"https:\/\/nordwind.info\/index.php?rest_route=%2Fwp%2Fv2%2Fmedia&parent=1464"}],"curies":[{"name":"wp","href":"https:\/\/api.w.org\/{rel}","templated":true}]}}